{"id":1480,"date":"2023-05-03T21:33:16","date_gmt":"2023-05-03T19:33:16","guid":{"rendered":"https:\/\/www.sorter.pl\/?page_id=1480"},"modified":"2024-12-11T22:16:23","modified_gmt":"2024-12-11T21:16:23","slug":"obligation-dinformation","status":"publish","type":"page","link":"https:\/\/www.sorter.pl\/fr\/obowiazek-informacyjny\/","title":{"rendered":"Obligation d'information"},"content":{"rendered":"<div data-elementor-type=\"wp-page\" data-elementor-id=\"1480\" class=\"elementor elementor-1480\" data-elementor-post-type=\"page\">\n\t\t\t\t\t\t<section data-exad-particle-enable=\"false\" class=\"elementor-section elementor-top-section elementor-element elementor-element-c1gvpb8 elementor-section-height-min-height elementor-section-boxed elementor-section-height-default elementor-section-items-middle exad-parallax-effect-no exad-background-color-change-no exad-glass-effect-no exad-sticky-section-no\" data-id=\"c1gvpb8\" data-element_type=\"section\" data-e-type=\"section\" data-settings=\"{&quot;background_background&quot;:&quot;classic&quot;,&quot;shape_divider_bottom&quot;:&quot;opacity-tilt&quot;,&quot;ekit_has_onepagescroll_dot&quot;:&quot;yes&quot;}\">\n\t\t\t\t\t\t\t<div class=\"elementor-background-overlay\"><\/div>\n\t\t\t\t\t\t<div class=\"elementor-shape elementor-shape-bottom\" aria-hidden=\"true\" data-negative=\"false\">\n\t\t\t<svg xmlns=\"http:\/\/www.w3.org\/2000\/svg\" viewbox=\"0 0 2600 131.1\" preserveaspectratio=\"none\">\n\t<path class=\"elementor-shape-fill\" d=\"M0 0L2600 0 2600 69.1 0 0z\"\/>\n\t<path class=\"elementor-shape-fill\" style=\"opacity:0.5\" d=\"M0 0L2600 0 2600 69.1 0 69.1z\"\/>\n\t<path class=\"elementor-shape-fill\" style=\"opacity:0.25\" d=\"M2600 0L0 0 0 130.1 2600 69.1z\"\/>\n<\/svg>\t\t<\/div>\n\t\t\t\t\t<div class=\"elementor-container elementor-column-gap-default\">\n\t\t\t\t\t<div class=\"elementor-column elementor-col-100 elementor-top-column elementor-element elementor-element-5b44f1b exad-glass-effect-no exad-sticky-section-no\" data-id=\"5b44f1b\" data-element_type=\"column\" data-e-type=\"column\">\n\t\t\t<div class=\"elementor-widget-wrap elementor-element-populated\">\n\t\t\t\t\t\t<div class=\"elementor-element elementor-element-6d08acd exad-sticky-section-no exad-glass-effect-no elementor-widget elementor-widget-heading\" data-id=\"6d08acd\" data-element_type=\"widget\" data-e-type=\"widget\" data-settings=\"{&quot;ekit_we_effect_on&quot;:&quot;none&quot;}\" data-widget_type=\"heading.default\">\n\t\t\t\t<div class=\"elementor-widget-container\">\n\t\t\t\t\t<h1 class=\"elementor-heading-title elementor-size-default\">OBLIGATION D&#039;INFORMATION<\/h1>\t\t\t\t<\/div>\n\t\t\t\t<\/div>\n\t\t\t\t\t<\/div>\n\t\t<\/div>\n\t\t\t\t\t<\/div>\n\t\t<\/section>\n\t\t\t\t<section data-exad-particle-enable=\"false\" class=\"elementor-section elementor-top-section elementor-element elementor-element-522266e elementor-section-boxed elementor-section-height-default elementor-section-height-default exad-parallax-effect-no exad-background-color-change-no exad-glass-effect-no exad-sticky-section-no\" data-id=\"522266e\" data-element_type=\"section\" data-e-type=\"section\" data-settings=\"{&quot;ekit_has_onepagescroll_dot&quot;:&quot;yes&quot;}\">\n\t\t\t\t\t\t<div class=\"elementor-container elementor-column-gap-default\">\n\t\t\t\t\t<div class=\"elementor-column elementor-col-100 elementor-top-column elementor-element elementor-element-9920d24 exad-glass-effect-no exad-sticky-section-no\" data-id=\"9920d24\" data-element_type=\"column\" data-e-type=\"column\">\n\t\t\t<div class=\"elementor-widget-wrap elementor-element-populated\">\n\t\t\t\t\t\t<div class=\"elementor-element elementor-element-a3d3978 exad-sticky-section-no exad-glass-effect-no elementor-widget elementor-widget-heading\" data-id=\"a3d3978\" data-element_type=\"widget\" data-e-type=\"widget\" data-settings=\"{&quot;ekit_we_effect_on&quot;:&quot;none&quot;}\" data-widget_type=\"heading.default\">\n\t\t\t\t<div class=\"elementor-widget-container\">\n\t\t\t\t\t<h2 class=\"elementor-heading-title elementor-size-default\">Obligation d\u2019information \u2013 Contrats avec les sous-traitants\n<\/h2>\t\t\t\t<\/div>\n\t\t\t\t<\/div>\n\t\t\t\t<div class=\"elementor-element elementor-element-89e4796 exad-sticky-section-no exad-glass-effect-no elementor-widget elementor-widget-text-editor\" data-id=\"89e4796\" data-element_type=\"widget\" data-e-type=\"widget\" data-settings=\"{&quot;ekit_we_effect_on&quot;:&quot;none&quot;}\" data-widget_type=\"text-editor.default\">\n\t\t\t\t<div class=\"elementor-widget-container\">\n\t\t\t\t\t\t\t\t\t<p><strong>Mesdames et Messieurs,<\/strong><\/p><p>Conform\u00e9ment \u00e0 l\u2019article 13, paragraphes 1 et 2, du r\u00e8glement (UE) 2016\/679 du Parlement europ\u00e9en et du Conseil du 27 avril 2016 relatif \u00e0 la protection des personnes physiques \u00e0 l\u2019\u00e9gard du traitement des donn\u00e9es \u00e0 caract\u00e8re personnel et \u00e0 la libre circulation de ces donn\u00e9es, et abrogeant la directive 95\/46\/CE (r\u00e8glement g\u00e9n\u00e9ral sur la protection des donn\u00e9es) (JO EU.L.2016.119.1) (ci-apr\u00e8s d\u00e9nomm\u00e9 \u201e RGPD \u201d), je vous informe par la pr\u00e9sente que\u00a0:<\/p><p>Le responsable du traitement de vos donn\u00e9es personnelles est la soci\u00e9t\u00e9 STALKO Sp\u00f3\u0142ka z ograniczon\u0105 odpowiedzialno\u015bci\u0105 sp.k., dont le si\u00e8ge social est situ\u00e9 \u00e0 Varsovie, ul. Solec 24\/253, 00-403 Varsovie, adresse de correspondance\u00a0: ul. Gdy\u0144ska 32\/14, 26-600 Radom, immatricul\u00e9e au registre du commerce et des soci\u00e9t\u00e9s (KRS) de Varsovie, 12e chambre commerciale, sous le num\u00e9ro KRS\u00a0: 0000836475, REGON\u00a0: 361379132, NIP\u00a0: 9482603545\u00a0; adresse \u00e9lectronique\u00a0:\u00a0<a href=\"mailto:biuro@sorter.pl\">trieur@sorteur.pl.<\/a><\/p><p><strong>Vos donn\u00e9es personnelles sont trait\u00e9es conform\u00e9ment au R\u00e8glement et \u00e0 la loi polonaise aux fins suivantes\u00a0:<\/strong><\/p><ul><li>l&#039;ex\u00e9cution du contrat entre vous et STALKO Sp\u00f3\u0142ka z ograniczon\u0105 odpowiedzialno\u015bci\u0105 sp.k. (base juridique : article 6, paragraphe 1, lettre \u201e b \u201d du r\u00e8glement (UE) 2016\/679 du Parlement europ\u00e9en et du Conseil du 27 avril 2016 relatif \u00e0 la protection des personnes physiques \u00e0 l&#039;\u00e9gard du traitement des donn\u00e9es \u00e0 caract\u00e8re personnel et \u00e0 la libre circulation de ces donn\u00e9es, et abrogeant la directive 95\/46\/CE (r\u00e8glement g\u00e9n\u00e9ral sur la protection des donn\u00e9es, \u201e RGPD \u201d) ;<\/li><li>afin d&#039;entreprendre une \u00e9ventuelle coop\u00e9ration sur la base d&#039;un accord de coop\u00e9ration entre vous et STALKO Sp\u00f3\u0142ka z ograniczon\u0105 odpowiedzialno\u015bci\u0105 sp.k. (base juridique : article 6, paragraphe 1, lettre \u201e b \u201d du RGPD) ;<\/li><li>documenter le contrat conclu et son r\u00e8glement, sur la base des dispositions du droit fiscal et comptable (base juridique : article 6, paragraphe 1, lettre \u201e c \u201d du RGPD) ;<\/li><li>exercer ou se d\u00e9fendre contre d\u2019\u00e9ventuelles r\u00e9clamations (base juridique : article 6(1)(f) du RGPD) ;<\/li><li>en examinant les r\u00e9clamations \u00e9ventuelles concernant la mani\u00e8re d&#039;ex\u00e9cuter le contrat entre vous et STALKO Sp\u00f3\u0142ka z ograniczon\u0105 odpowiedzialno\u015bci\u0105 sp.k (base juridique : article 6, paragraphe 1, lettre \u201e f \u201d du RGPD) ;<\/li><li>en examinant les r\u00e9clamations \u00e9ventuelles concernant la qualit\u00e9 de l\u2019ex\u00e9cution des obligations d\u00e9coulant du contrat conclu et la mani\u00e8re dont le service est fourni par les employ\u00e9s de la Soci\u00e9t\u00e9 (base juridique : article 6, paragraphe 1, lettre \u201e f \u201d du RGPD).<\/li><\/ul><p>Les donn\u00e9es seront mises \u00e0 la disposition des entit\u00e9s fournissant des services comptables, des services informatiques et des logiciels utilis\u00e9s par le contr\u00f4leur, d&#039;une entreprise de destruction de documents, des banques, des services fiscaux comp\u00e9tents et d&#039;autres autorit\u00e9s \u00e9tatiques autoris\u00e9es par la loi.<\/p><p>Vos donn\u00e9es personnelles ne seront pas trait\u00e9es dans un pays tiers ni par une organisation internationale.<\/p><p>La communication de donn\u00e9es personnelles est n\u00e9cessaire \u00e0 la conclusion d&#039;un accord de coop\u00e9ration. Les donn\u00e9es fournies sont notamment soumises aux r\u00e9glementations relatives \u00e0 l&#039;\u00e9mission et \u00e0 la comptabilisation des factures. Le d\u00e9faut de communication des donn\u00e9es figurant sur une facture emp\u00eachera le respect des obligations fiscales des contribuables.<\/p><p>Les informations que vous fournissez ne font l&#039;objet d&#039;aucune prise de d\u00e9cision automatis\u00e9e, y compris de profilage.<\/p><p><strong>Combien de temps vos donn\u00e9es seront-elles trait\u00e9es ?<\/strong><\/p><p>Vos donn\u00e9es personnelles seront trait\u00e9es pendant toute la dur\u00e9e du contrat qui vous lie \u00e0 STALKO Sp\u00f3\u0142ka z ograniczon\u0105 odpowiedzialno\u015bci\u0105 sp.k. Apr\u00e8s la fin du contrat, vos donn\u00e9es seront conserv\u00e9es pendant une p\u00e9riode de 5 ans suivant la fin de l&#039;exercice fiscal au cours duquel la facture a \u00e9t\u00e9 \u00e9mise, ou, en cas de litige, pendant une p\u00e9riode de 6 ans, jusqu&#039;\u00e0 l&#039;extinction de toute cr\u00e9ance.<\/p><p><strong>Quels sont vos droits ?<\/strong><\/p><p>Vous avez le droit de\u00a0:<\/p><ul><li>acc\u00e9der \u00e0 vos donn\u00e9es personnelles et recevoir une copie des donn\u00e9es personnelles trait\u00e9es\u00a0;<\/li><li>rectification de vos donn\u00e9es incorrectes\u00a0;<\/li><li>demander la suppression des donn\u00e9es (le droit \u00e0 l\u2019oubli) dans les circonstances pr\u00e9vues \u00e0 l\u2019article 17 du RGPD\u00a0;<\/li><li>demander la limitation du traitement des donn\u00e9es dans les cas indiqu\u00e9s \u00e0 l\u2019article 18 du RGPD\u00a0;<\/li><li>s\u2019opposer au traitement des donn\u00e9es dans les cas indiqu\u00e9s \u00e0 l\u2019article 21 du RGPD\u00a0;<\/li><li>transfert des donn\u00e9es fournies.<\/li><\/ul><p>Si vous estimez que vos donn\u00e9es personnelles sont trait\u00e9es ill\u00e9galement, vous pouvez d\u00e9poser une plainte aupr\u00e8s de l&#039;autorit\u00e9 de contr\u00f4le (Pr\u00e9sident de l&#039;Office de la protection des donn\u00e9es personnelles, rue Stawki 2, Varsovie).<\/p><p><strong>Contact<\/strong><\/p><p>Si vous souhaitez obtenir des informations compl\u00e9mentaires concernant la protection des donn\u00e9es personnelles ou exercer vos droits, veuillez nous contacter\u00a0:<\/p><p>D\u00e9l\u00e9gu\u00e9 \u00e0 la protection des donn\u00e9es :\u00a0<strong>Barth\u00e9lemy Kida<\/strong>, e-mail:\u00a0<a href=\"mailto:iod@sorter.pl\">iod@sorter.pl.<\/a><\/p><p><b>STALKO Soci\u00e9t\u00e9 \u00e0 responsabilit\u00e9 limit\u00e9e sp.k.<\/b><\/p><p>Rue Solec 24\/253, 00-403 Varsovie<\/p><p>succursale: ul. Gdy\u0144ska 32, 26 \u2013 600 Radom<\/p>\t\t\t\t\t\t\t\t<\/div>\n\t\t\t\t<\/div>\n\t\t\t\t<div class=\"elementor-element elementor-element-f073ebb exad-sticky-section-no exad-glass-effect-no elementor-widget elementor-widget-text-editor\" data-id=\"f073ebb\" data-element_type=\"widget\" data-e-type=\"widget\" data-settings=\"{&quot;ekit_we_effect_on&quot;:&quot;none&quot;}\" data-widget_type=\"text-editor.default\">\n\t\t\t\t<div class=\"elementor-widget-container\">\n\t\t\t\t\t\t\t\t\t<strong>Mesdames et Messieurs,<\/strong>\n\nConform\u00e9ment \u00e0 l&#039;article 13, paragraphes 1 et 2, du r\u00e8glement (UE) 2016\/679 du Parlement europ\u00e9en et du Conseil du 27 avril 2016 relatif \u00e0 la protection des personnes physiques \u00e0 l&#039;\u00e9gard du traitement des donn\u00e9es \u00e0 caract\u00e8re personnel et \u00e0 la libre circulation de ces donn\u00e9es, et abrogeant la directive 95\/46\/CE (r\u00e8glement g\u00e9n\u00e9ral sur la protection des donn\u00e9es) (JO EU.L.2016.119.1) (ci-apr\u00e8s d\u00e9nomm\u00e9 \u201e RGPD \u201d), je vous informe que : le responsable du traitement de vos donn\u00e9es personnelles est la soci\u00e9t\u00e9 STALKO Sp\u00f3\u0142ka z ograniczon\u0105 odpowiedzialno\u015bci\u0105 sp.k., dont le si\u00e8ge social est situ\u00e9 \u00e0 Varsovie \u00e0 l&#039;adresse suivante : ul. Solec 24\/253, 00-403 Varsovie, adresse de correspondance : ul. Gdy\u0144ska 32\/14, 26-600 Radom, enregistr\u00e9e aupr\u00e8s du tribunal de district de la capitale Varsovie, Varsovie \u00e0 Varsovie, XIIe division commerciale du registre judiciaire national sous le num\u00e9ro KRS : 0000836475, REGON : 361379132, NIP : 9482603545 ; e-mail:\u00a0<a href=\"mailto:sorter@sorter.pl\">trieur@sorteur.pl.<\/a>\n\n<strong>Vos donn\u00e9es personnelles sont trait\u00e9es conform\u00e9ment au R\u00e8glement et \u00e0 la loi polonaise aux fins suivantes\u00a0:<\/strong>\n<ul>\n \t<li>l&#039;ex\u00e9cution du contrat entre vous et STALKO Sp\u00f3\u0142ka z ograniczon\u0105 odpowiedzialno\u015bci\u0105 sp.k. (base juridique : article 6, paragraphe 1, lettre \u201e b \u201d du r\u00e8glement (UE) 2016\/679 du Parlement europ\u00e9en et du Conseil du 27 avril 2016 relatif \u00e0 la protection des personnes physiques \u00e0 l&#039;\u00e9gard du traitement des donn\u00e9es \u00e0 caract\u00e8re personnel et \u00e0 la libre circulation de ces donn\u00e9es, et abrogeant la directive 95\/46\/CE (r\u00e8glement g\u00e9n\u00e9ral sur la protection des donn\u00e9es, \u201e RGPD \u201d) ;<\/li>\n \t<li>afin d&#039;entreprendre une \u00e9ventuelle coop\u00e9ration sur la base d&#039;un accord de coop\u00e9ration entre vous et STALKO Sp\u00f3\u0142ka z ograniczon\u0105 odpowiedzialno\u015bci\u0105 sp.k. (base juridique : article 6, paragraphe 1, lettre \u201e b \u201d du RGPD) ;<\/li>\n \t<li>documenter le contrat conclu et son r\u00e8glement, sur la base des dispositions du droit fiscal et comptable (base juridique : article 6, paragraphe 1, lettre \u201e c \u201d du RGPD) ;<\/li>\n \t<li>exercer ou se d\u00e9fendre contre d\u2019\u00e9ventuelles r\u00e9clamations (base juridique : article 6(1)(f) du RGPD) ;<\/li>\n \t<li>en examinant les r\u00e9clamations \u00e9ventuelles concernant la mani\u00e8re d&#039;ex\u00e9cuter le contrat entre vous et STALKO Sp\u00f3\u0142ka z ograniczon\u0105 odpowiedzialno\u015bci\u0105 sp.k (base juridique : article 6, paragraphe 1, lettre \u201e f \u201d du RGPD) ;<\/li>\n \t<li>en examinant les r\u00e9clamations \u00e9ventuelles concernant la qualit\u00e9 de l\u2019ex\u00e9cution des obligations d\u00e9coulant du contrat conclu et la mani\u00e8re dont le service est fourni par les employ\u00e9s de la Soci\u00e9t\u00e9 (base juridique : article 6, paragraphe 1, lettre \u201e f \u201d du RGPD).<\/li>\n<\/ul>\nLes donn\u00e9es seront partag\u00e9es avec les prestataires de services comptables, informatiques et logiciels utilis\u00e9s par le responsable du traitement, une soci\u00e9t\u00e9 de destruction de documents, les banques, les administrations fiscales comp\u00e9tentes et les autres autorit\u00e9s \u00e9tatiques habilit\u00e9es par la loi. Vos donn\u00e9es personnelles ne seront pas trait\u00e9es dans un pays tiers ni par une organisation internationale. La communication de ces donn\u00e9es est n\u00e9cessaire \u00e0 la conclusion d&#039;un accord de coop\u00e9ration. Le champ d&#039;application des donn\u00e9es fournies d\u00e9coule notamment de la r\u00e9glementation relative \u00e0 l&#039;\u00e9mission et \u00e0 la comptabilisation des factures. Le d\u00e9faut de communication des donn\u00e9es figurant sur une facture emp\u00eachera le responsable du traitement de remplir ses obligations envers les contribuables. Les informations que vous fournissez ne font l&#039;objet d&#039;aucune d\u00e9cision automatis\u00e9e, y compris de profilage.\n\n<strong>Combien de temps vos donn\u00e9es seront-elles trait\u00e9es ?<\/strong>\n\nVos donn\u00e9es personnelles seront trait\u00e9es pendant toute la dur\u00e9e du contrat qui vous lie \u00e0 STALKO Sp\u00f3\u0142ka z ograniczon\u0105 odpowiedzialno\u015bci\u0105 sp.k. Apr\u00e8s la fin du contrat, vos donn\u00e9es seront conserv\u00e9es pendant une p\u00e9riode de 5 ans suivant la fin de l&#039;exercice fiscal au cours duquel la facture a \u00e9t\u00e9 \u00e9mise, ou, en cas de litige, pendant une p\u00e9riode de 6 ans, jusqu&#039;\u00e0 l&#039;extinction de toute cr\u00e9ance.\n\n<strong>Quels sont vos droits ?<\/strong>\n\nVous avez le droit de\u00a0:\n<ul>\n \t<li>acc\u00e9der \u00e0 vos donn\u00e9es personnelles et recevoir une copie des donn\u00e9es personnelles trait\u00e9es\u00a0;<\/li>\n \t<li>rectification de vos donn\u00e9es incorrectes\u00a0;<\/li>\n \t<li>demander la suppression des donn\u00e9es (le droit \u00e0 l\u2019oubli) dans les circonstances pr\u00e9vues \u00e0 l\u2019article 17 du RGPD\u00a0;<\/li>\n \t<li>demander la limitation du traitement des donn\u00e9es dans les cas indiqu\u00e9s \u00e0 l\u2019article 18 du RGPD\u00a0;<\/li>\n \t<li>s\u2019opposer au traitement des donn\u00e9es dans les cas indiqu\u00e9s \u00e0 l\u2019article 21 du RGPD\u00a0;<\/li>\n \t<li>transfert des donn\u00e9es fournies.<\/li>\n<\/ul>\nSi vous estimez que vos donn\u00e9es personnelles sont trait\u00e9es ill\u00e9galement, vous pouvez d\u00e9poser une plainte aupr\u00e8s de l&#039;autorit\u00e9 de contr\u00f4le (Pr\u00e9sident de l&#039;Office de la protection des donn\u00e9es personnelles, rue Stawki 2, Varsovie).\n\n<strong>Contact<\/strong>\n\nSi vous souhaitez obtenir des informations suppl\u00e9mentaires concernant la protection des donn\u00e9es personnelles ou exercer vos droits, veuillez contacter notre d\u00e9l\u00e9gu\u00e9 \u00e0 la protection des donn\u00e9es\u00a0:\u00a0<strong>Paul Strza\u0142kowski<\/strong>, e-mail:\u00a0<a href=\"mailto:iod@sorter.pl\">iod@sorter.pl.<\/a>\n\n<b>STALKO Soci\u00e9t\u00e9 \u00e0 responsabilit\u00e9 limit\u00e9e sp.k.<\/b>\n\nSolec 24\/253, 00-403 Succursale de Varsovie : Gdy\u0144ska 32, 26 \u2013 600 Radom\t\t\t\t\t\t\t\t<\/div>\n\t\t\t\t<\/div>\n\t\t\t\t\t<\/div>\n\t\t<\/div>\n\t\t\t\t\t<\/div>\n\t\t<\/section>\n\t\t\t\t<section data-exad-particle-enable=\"false\" class=\"elementor-section elementor-top-section elementor-element elementor-element-b40df5f elementor-section-boxed elementor-section-height-default elementor-section-height-default exad-parallax-effect-no exad-background-color-change-no exad-glass-effect-no exad-sticky-section-no\" data-id=\"b40df5f\" data-element_type=\"section\" data-e-type=\"section\" data-settings=\"{&quot;background_background&quot;:&quot;classic&quot;,&quot;ekit_has_onepagescroll_dot&quot;:&quot;yes&quot;}\">\n\t\t\t\t\t\t<div class=\"elementor-container elementor-column-gap-default\">\n\t\t\t\t\t<div class=\"elementor-column elementor-col-100 elementor-top-column elementor-element elementor-element-cfb1c64 exad-glass-effect-no exad-sticky-section-no\" data-id=\"cfb1c64\" data-element_type=\"column\" data-e-type=\"column\">\n\t\t\t<div class=\"elementor-widget-wrap elementor-element-populated\">\n\t\t\t\t\t\t<div class=\"elementor-element elementor-element-738b0c1 exad-sticky-section-no exad-glass-effect-no elementor-widget elementor-widget-heading\" data-id=\"738b0c1\" data-element_type=\"widget\" data-e-type=\"widget\" data-settings=\"{&quot;ekit_we_effect_on&quot;:&quot;none&quot;}\" data-widget_type=\"heading.default\">\n\t\t\t\t<div class=\"elementor-widget-container\">\n\t\t\t\t\t<h2 class=\"elementor-heading-title elementor-size-default\">Obligation d\u2019information \u2013 Clients<\/h2>\t\t\t\t<\/div>\n\t\t\t\t<\/div>\n\t\t\t\t<div class=\"elementor-element elementor-element-12bafb5 exad-sticky-section-no exad-glass-effect-no elementor-widget elementor-widget-text-editor\" data-id=\"12bafb5\" data-element_type=\"widget\" data-e-type=\"widget\" data-settings=\"{&quot;ekit_we_effect_on&quot;:&quot;none&quot;}\" data-widget_type=\"text-editor.default\">\n\t\t\t\t<div class=\"elementor-widget-container\">\n\t\t\t\t\t\t\t\t\t<p>Conform\u00e9ment \u00e0 l\u2019article 13, paragraphes 1 et 2, du r\u00e8glement (UE) 2016\/679 du Parlement europ\u00e9en et du Conseil du 27 avril 2016 relatif \u00e0 la protection des personnes physiques \u00e0 l\u2019\u00e9gard du traitement des donn\u00e9es \u00e0 caract\u00e8re personnel et \u00e0 la libre circulation de ces donn\u00e9es, et abrogeant la directive 95\/46\/CE (r\u00e8glement g\u00e9n\u00e9ral sur la protection des donn\u00e9es) (JO EU.L.2016.119.1) (ci-apr\u00e8s d\u00e9nomm\u00e9 \u201e RGPD \u201d), je vous informe par la pr\u00e9sente que\u00a0:<\/p><p>Le responsable du traitement de vos donn\u00e9es personnelles est STALKO Sp\u00f3\u0142ka z ograniczon\u0105 odpowiedzialno\u015bci\u0105 sp.k. dont le si\u00e8ge social est \u00e0 Varsovie, ul. Solec 24\/253, 00-403 Varsovie, succursale : ul. Gdy\u0144ska 32, 26 \u2013 600 Radom, NIP 948-256-50-81\u00a0; KRS0000435708\u00a0; e-mail:\u00a0<a href=\"mailto:sorter@sorter.pl\">trieur@sorteur.pl.<\/a><\/p><p><strong>Vos donn\u00e9es personnelles sont trait\u00e9es conform\u00e9ment au R\u00e8glement et \u00e0 la loi polonaise aux fins suivantes\u00a0:<\/strong><\/p><ul><li>mise en \u0153uvre, ex\u00e9cution d\u2019un \u00e9ventuel contrat et utilisation des produits et services propos\u00e9s par la soci\u00e9t\u00e9 (base juridique : article 6, paragraphe 1, point b), du r\u00e8glement (UE) 2016\/679 du Parlement europ\u00e9en et du Conseil du 27 avril 2016 relatif \u00e0 la protection des personnes physiques \u00e0 l\u2019\u00e9gard du traitement des donn\u00e9es \u00e0 caract\u00e8re personnel et \u00e0 la libre circulation de ces donn\u00e9es, et abrogeant la directive 95\/46\/CE (r\u00e8glement g\u00e9n\u00e9ral sur la protection des donn\u00e9es), ci-apr\u00e8s d\u00e9nomm\u00e9 \u201e RGPD \u201d) ;<\/li><li>poursuivre ou se d\u00e9fendre contre d\u2019\u00e9ventuelles r\u00e9clamations (base juridique : article 6, paragraphe 1, lettre \u201e f \u201d du RGPD \u2013 int\u00e9r\u00eat l\u00e9gitime du responsable du traitement) ;<\/li><li>\u00e0 des fins de marketing \u2013 dans le cas o\u00f9 le consentement s\u00e9par\u00e9 du Client est donn\u00e9 (base juridique : article 6, paragraphe 1, lettre \u201e f \u201d du RGPD \u2013 int\u00e9r\u00eat l\u00e9gitime du responsable du traitement) ;<\/li><li>afin de remplir les obligations pr\u00e9vues par les dispositions l\u00e9gales, par exemple la comptabilisation des factures et la r\u00e9ception des virements : article 6, paragraphe 1, lettre \u201e c \u201d du RGPD ;<\/li><\/ul><p>La communication des donn\u00e9es est facultative, mais la fourniture des donn\u00e9es personnelles relatives \u00e0 la conclusion et \u00e0 l&#039;ex\u00e9cution du contrat est n\u00e9cessaire \u00e0 la conclusion de l&#039;accord de coop\u00e9ration. L&#039;\u00e9tendue des donn\u00e9es fournies d\u00e9coule notamment des r\u00e9glementations relatives \u00e0 l&#039;\u00e9mission et \u00e0 la comptabilisation des factures. Le d\u00e9faut de communication des donn\u00e9es figurant sur la facture emp\u00eachera le respect des obligations fiscales des contribuables.<\/p><p>Vos donn\u00e9es seront mises \u00e0 la disposition des entit\u00e9s fournissant des services comptables, un support informatique pour les logiciels utilis\u00e9s par l&#039;administrateur, une soci\u00e9t\u00e9 d&#039;h\u00e9bergement, une soci\u00e9t\u00e9 de destruction de documents, des banques, les services fiscaux comp\u00e9tents et d&#039;autres autorit\u00e9s \u00e9tatiques autoris\u00e9es par la loi.<\/p><p>Les donn\u00e9es personnelles seront transf\u00e9r\u00e9es \u00e0 ces tiers (les prestataires de services de la Soci\u00e9t\u00e9) conform\u00e9ment aux garanties juridiques appropri\u00e9es. Les donn\u00e9es ne seront pas transf\u00e9r\u00e9es \u00e0 des organisations internationales ni \u00e0 des pays tiers.<\/p><p><strong>Combien de temps vos donn\u00e9es seront-elles trait\u00e9es ?<\/strong><\/p><div>Les donn\u00e9es seront conserv\u00e9es pendant toute la dur\u00e9e de la relation commerciale du Client avec STALKO Sp\u00f3\u0142ka z ograniczon\u0105 odpowiedzialno\u015bci\u0105 sp.k., \u00e9tant entendu que les donn\u00e9es relatives \u00e0 la comptabilit\u00e9 seront conserv\u00e9es pendant une p\u00e9riode de 5 ans apr\u00e8s la fin de l&#039;exercice financier au cours duquel la facture a \u00e9t\u00e9 \u00e9mise, ou les donn\u00e9es relatives \u00e0 la conclusion et \u00e0 l&#039;ex\u00e9cution du contrat en cas de litige \u2013 pendant une p\u00e9riode de 6 ans, jusqu&#039;\u00e0 l&#039;expiration du d\u00e9lai de prescription de toute r\u00e9clamation.<\/div><div>\u00a0<\/div><div>Les donn\u00e9es trait\u00e9es \u00e0 des fins de marketing seront trait\u00e9es jusqu&#039;\u00e0 ce qu&#039;une objection \u00e0 leur traitement soit formul\u00e9e.\u00a0<\/div><div>\u00a0<\/div><div>Les donn\u00e9es clients ne font l&#039;objet d&#039;aucune prise de d\u00e9cision automatis\u00e9e, y compris de profilage. Elles ne seront pas transf\u00e9r\u00e9es \u00e0 des organisations internationales ni \u00e0 des pays tiers.<\/div><div>\u00a0<\/div><p><strong>Quels sont vos droits\u00a0? Vous avez le droit de\u00a0:<\/strong><\/p><ul><li>acc\u00e9der \u00e0 vos donn\u00e9es personnelles et recevoir une copie des donn\u00e9es personnelles trait\u00e9es\u00a0;<\/li><li>rectification de vos donn\u00e9es incorrectes\u00a0;<\/li><li>demander la suppression des donn\u00e9es (le droit \u00e0 l\u2019oubli) dans les circonstances pr\u00e9vues \u00e0 l\u2019article 17 du RGPD\u00a0;<\/li><li>demander la limitation du traitement des donn\u00e9es dans les cas indiqu\u00e9s \u00e0 l\u2019article 18 du RGPD\u00a0;<\/li><li>s\u2019opposer au traitement des donn\u00e9es dans les cas indiqu\u00e9s \u00e0 l\u2019article 21 du RGPD\u00a0;<\/li><li>transfert des donn\u00e9es fournies.<\/li><\/ul><p>Si vous estimez que vos donn\u00e9es personnelles sont trait\u00e9es ill\u00e9galement, vous pouvez d\u00e9poser une plainte aupr\u00e8s de l&#039;autorit\u00e9 de contr\u00f4le (Pr\u00e9sident de l&#039;Office de la protection des donn\u00e9es personnelles, ul. Stawki 2, 00-193 Varsovie).<\/p><p><strong>Contact<\/strong><\/p><p>Si vous souhaitez obtenir des informations compl\u00e9mentaires concernant la protection des donn\u00e9es personnelles ou exercer vos droits, veuillez nous contacter\u00a0:<\/p><p>D\u00e9l\u00e9gu\u00e9 \u00e0 la protection des donn\u00e9es : <strong>Barth\u00e9lemy Kida<\/strong><\/p><p>e-mail:\u00a0<a href=\"about:blank\">iod@sorter.pl.<\/a><\/p><p><b>\u00a0STALKO Soci\u00e9t\u00e9 \u00e0 responsabilit\u00e9 limit\u00e9e sp.k.<\/b><\/p><p>Rue Solec 24\/253, \u00a0<\/p><p>00-403 Varsovie<\/p><p>Succursale : Rue Gdy\u0144ska 32,<\/p><p>26 \u2013 600 Al\u00e9atoire<\/p>\t\t\t\t\t\t\t\t<\/div>\n\t\t\t\t<\/div>\n\t\t\t\t\t<\/div>\n\t\t<\/div>\n\t\t\t\t\t<\/div>\n\t\t<\/section>\n\t\t\t\t<section data-exad-particle-enable=\"false\" class=\"elementor-section elementor-top-section elementor-element elementor-element-87a59d7 elementor-section-boxed elementor-section-height-default elementor-section-height-default exad-parallax-effect-no exad-background-color-change-no exad-glass-effect-no exad-sticky-section-no\" data-id=\"87a59d7\" data-element_type=\"section\" data-e-type=\"section\" data-settings=\"{&quot;ekit_has_onepagescroll_dot&quot;:&quot;yes&quot;}\">\n\t\t\t\t\t\t<div class=\"elementor-container elementor-column-gap-default\">\n\t\t\t\t\t<div class=\"elementor-column elementor-col-100 elementor-top-column elementor-element elementor-element-76570b9 exad-glass-effect-no exad-sticky-section-no\" data-id=\"76570b9\" data-element_type=\"column\" data-e-type=\"column\">\n\t\t\t<div class=\"elementor-widget-wrap elementor-element-populated\">\n\t\t\t\t\t\t<div class=\"elementor-element elementor-element-f67c9e0 exad-sticky-section-no exad-glass-effect-no elementor-widget elementor-widget-heading\" data-id=\"f67c9e0\" data-element_type=\"widget\" data-e-type=\"widget\" data-settings=\"{&quot;ekit_we_effect_on&quot;:&quot;none&quot;}\" data-widget_type=\"heading.default\">\n\t\t\t\t<div class=\"elementor-widget-container\">\n\t\t\t\t\t<h2 class=\"elementor-heading-title elementor-size-default\">Obligation d\u2019information \u2013 Recrutement<\/h2>\t\t\t\t<\/div>\n\t\t\t\t<\/div>\n\t\t\t\t<div class=\"elementor-element elementor-element-d5c26aa exad-sticky-section-no exad-glass-effect-no elementor-widget elementor-widget-text-editor\" data-id=\"d5c26aa\" data-element_type=\"widget\" data-e-type=\"widget\" data-settings=\"{&quot;ekit_we_effect_on&quot;:&quot;none&quot;}\" data-widget_type=\"text-editor.default\">\n\t\t\t\t<div class=\"elementor-widget-container\">\n\t\t\t\t\t\t\t\t\t<p>Le respect de votre vie priv\u00e9e est extr\u00eamement important pour nous et nous voulons que vous ayez l&#039;esprit tranquille quant \u00e0 la s\u00e9curit\u00e9 de vos donn\u00e9es personnelles.<\/p><p>Conform\u00e9ment \u00e0 l\u2019article 13, paragraphes 1 et 2, du r\u00e8glement (UE) 2016\/679 du Parlement europ\u00e9en et du Conseil du 27 avril 2016 relatif \u00e0 la protection des personnes physiques \u00e0 l\u2019\u00e9gard du traitement des donn\u00e9es \u00e0 caract\u00e8re personnel et \u00e0 la libre circulation de ces donn\u00e9es, et abrogeant la directive 95\/46\/CE (r\u00e8glement g\u00e9n\u00e9ral sur la protection des donn\u00e9es) (JO EU.L.2016.119.1) (ci-apr\u00e8s d\u00e9nomm\u00e9 \u201e RGPD \u201d), je vous informe par la pr\u00e9sente que\u00a0:<\/p><p>Le responsable du traitement de vos donn\u00e9es personnelles est S.<span style=\"background-color: var(--ast-global-color-5);\">\u00a0STALKO Sp\u00f3\u0142ka z ograniczon\u0105 odpowiedzialno\u015bci\u0105 sp.k. dont le si\u00e8ge social est \u00e0 Varsovie, ul. Solec 24\/253, 00-403 Varsovie, adresse de correspondance : ul. Gdy\u0144ska 32\/14, 26-600 Radom, enregistr\u00e9e aupr\u00e8s du tribunal de district de la capitale Varsovie \u00e0 Varsovie, 12e division commerciale du registre judiciaire national sous le num\u00e9ro KRS : 0000836475, REGON : 361379132, NIP : 9482603545.<\/span><\/p><p>e-mail: <a href=\"mailto:biuro@sorter.pl\">sorter@sorter.pl<\/a><\/p><p>1.\u00a0<strong>\u00a0Finalit\u00e9s et fondement du traitement\u00a0:<\/strong><\/p><p>\u00a0STALKO Sp\u00f3\u0142ka z ograniczon\u0105 odpowiedzialno\u015bci\u0105 sp.k. traitera vos donn\u00e9es personnelles dans le but de mener le processus de recrutement. La base juridique du traitement des donn\u00e9es est :<\/p><ol><li>Article 6, paragraphe 1, lettre a) \u2013 consentement de la personne dont les donn\u00e9es sont trait\u00e9es dans le cadre des donn\u00e9es qui ne sont pas requises par la loi,<\/li><li>Art. 6 sec. 1 lettres b) et c) \u2013 dans le cadre de la fourniture des donn\u00e9es n\u00e9cessaires \u00e0 la conclusion d\u2019un contrat avec le candidat, et des donn\u00e9es requises par les dispositions du droit du travail, de la s\u00e9curit\u00e9 sociale, de la sant\u00e9 et de la s\u00e9curit\u00e9 au travail et de la m\u00e9decine du travail.<\/li><\/ol><p>SORTER MICHA\u0141 ZIOMEK sp.j. transf\u00e9rera vos donn\u00e9es personnelles \u00e0 des entit\u00e9s agissant comme interm\u00e9diaires dans la transmission des candidatures, \u00e0 des entit\u00e9s g\u00e9rant le courrier \u00e9lectronique et \u00e0 des entit\u00e9s dont le logiciel est utilis\u00e9 par le responsable du traitement des donn\u00e9es pour traiter les donn\u00e9es contenues dans le CV, ainsi qu&#039;\u00e0 des entit\u00e9s autoris\u00e9es par la loi.<\/p><p>Vos donn\u00e9es ne font l&#039;objet d&#039;aucune d\u00e9cision automatis\u00e9e, y compris de profilage. Elles ne seront ni transf\u00e9r\u00e9es \u00e0 des organisations internationales ni \u00e0 des pays tiers.<\/p><p>Fourniture de donn\u00e9es personnelles dans le cadre de\u00a0:<\/p><p>1) nom et pr\u00e9nom; ;<\/p><p>\u00a02) date de naissance ;<\/p><p>3) coordonn\u00e9es ;<\/p><p>\u00a04) l&#039;\u00e9ducation ;<\/p><p>5) qualifications professionnelles ;<\/p><p>\u00a06) ant\u00e9c\u00e9dents professionnels ant\u00e9rieurs ;<\/p><p>sont n\u00e9cessaires pour participer au processus de recrutement. Pour le reste, la communication des donn\u00e9es personnelles est facultative.<\/p><p><strong>Combien de temps vos donn\u00e9es seront-elles trait\u00e9es ?<\/strong><\/p><p>Les donn\u00e9es seront conserv\u00e9es jusqu&#039;\u00e0 ce que l&#039;offre d&#039;emploi soit accept\u00e9e ou refus\u00e9e par le candidat retenu, puis pendant 3 mois afin de se pr\u00e9munir contre d&#039;\u00e9ventuelles r\u00e9clamations, sauf si vous consentez \u00e0 participer \u00e0 d&#039;autres processus de recrutement, auquel cas les donn\u00e9es contenues dans les documents de candidature seront conserv\u00e9es pendant<strong>\u00a0 6 mois\u00a0<\/strong>\u00a0\u00e0 compter de la date de leur r\u00e9ception.<\/p><p><strong>Quels sont vos droits ?<\/strong><\/p><p>Vous avez le droit de\u00a0:<\/p><ul><li>acc\u00e9der \u00e0 vos donn\u00e9es personnelles et recevoir une copie des donn\u00e9es personnelles trait\u00e9es\u00a0;<\/li><li>rectification de vos donn\u00e9es incorrectes\u00a0;<\/li><li>demander la suppression des donn\u00e9es (le droit \u00e0 l\u2019oubli) dans les circonstances pr\u00e9vues \u00e0 l\u2019article 17 du RGPD\u00a0;<\/li><li>retrait du consentement au traitement des donn\u00e9es personnelles.<\/li><\/ul><p>Le retrait de votre consentement n&#039;affecte pas la lic\u00e9it\u00e9 du traitement fond\u00e9 sur votre consentement avant ce retrait. Vous pouvez envoyer votre d\u00e9claration de retrait de consentement au traitement de vos donn\u00e9es personnelles \u00e0 l&#039;adresse postale indiqu\u00e9e ci-dessous ou \u00e0 l&#039;adresse \u00e9lectronique suivante\u00a0:\u00a0<a href=\"about:blank\">iod@sorter.pl.<\/a><\/p><ul><li>demander la limitation du traitement des donn\u00e9es dans les cas indiqu\u00e9s \u00e0 l\u2019article 18 du RGPD\u00a0;<\/li><li>s\u2019opposer au traitement des donn\u00e9es dans les cas indiqu\u00e9s \u00e0 l\u2019article 21 du RGPD\u00a0;<\/li><li>transfert des donn\u00e9es fournies, trait\u00e9es de mani\u00e8re automatis\u00e9e.<\/li><\/ul><p>Si vous estimez que vos donn\u00e9es personnelles sont trait\u00e9es ill\u00e9galement, vous pouvez d\u00e9poser une plainte aupr\u00e8s de l&#039;autorit\u00e9 de contr\u00f4le (Pr\u00e9sident de l&#039;Office de la protection des donn\u00e9es personnelles, rue Stawki 2, Varsovie).<\/p><p><strong>Contact<\/strong><\/p><p>Si vous souhaitez obtenir des informations compl\u00e9mentaires concernant la protection des donn\u00e9es personnelles ou exercer vos droits, veuillez nous contacter\u00a0:<\/p><p>D\u00e9l\u00e9gu\u00e9 \u00e0 la protection des donn\u00e9es\u00a0: Bart\u0142omiej Kida<\/p><p>E-mail:\u00a0<a href=\"mailto:iod@sorter.pl\">iod@sorter.pl<\/a><\/p>\t\t\t\t\t\t\t\t<\/div>\n\t\t\t\t<\/div>\n\t\t\t\t\t<\/div>\n\t\t<\/div>\n\t\t\t\t\t<\/div>\n\t\t<\/section>\n\t\t\t\t<section data-exad-particle-enable=\"false\" class=\"elementor-section elementor-top-section elementor-element elementor-element-73483d9 elementor-section-boxed elementor-section-height-default elementor-section-height-default exad-parallax-effect-no exad-background-color-change-no exad-glass-effect-no exad-sticky-section-no\" data-id=\"73483d9\" data-element_type=\"section\" data-e-type=\"section\" data-settings=\"{&quot;background_background&quot;:&quot;classic&quot;,&quot;ekit_has_onepagescroll_dot&quot;:&quot;yes&quot;}\">\n\t\t\t\t\t\t<div class=\"elementor-container elementor-column-gap-default\">\n\t\t\t\t\t<div class=\"elementor-column elementor-col-100 elementor-top-column elementor-element elementor-element-5dbae8c exad-glass-effect-no exad-sticky-section-no\" data-id=\"5dbae8c\" data-element_type=\"column\" data-e-type=\"column\">\n\t\t\t<div class=\"elementor-widget-wrap elementor-element-populated\">\n\t\t\t\t\t\t<div class=\"elementor-element elementor-element-ca80c9c exad-sticky-section-no exad-glass-effect-no elementor-widget elementor-widget-heading\" data-id=\"ca80c9c\" data-element_type=\"widget\" data-e-type=\"widget\" data-settings=\"{&quot;ekit_we_effect_on&quot;:&quot;none&quot;}\" data-widget_type=\"heading.default\">\n\t\t\t\t<div class=\"elementor-widget-container\">\n\t\t\t\t\t<h2 class=\"elementor-heading-title elementor-size-default\">Obligation d&#039;information - Stages professionnels\n<\/h2>\t\t\t\t<\/div>\n\t\t\t\t<\/div>\n\t\t\t\t<div class=\"elementor-element elementor-element-4ee13db exad-sticky-section-no exad-glass-effect-no elementor-widget elementor-widget-text-editor\" data-id=\"4ee13db\" data-element_type=\"widget\" data-e-type=\"widget\" data-settings=\"{&quot;ekit_we_effect_on&quot;:&quot;none&quot;}\" data-widget_type=\"text-editor.default\">\n\t\t\t\t<div class=\"elementor-widget-container\">\n\t\t\t\t\t\t\t\t\t<p>Le responsable du traitement de vos donn\u00e9es personnelles est la soci\u00e9t\u00e9 STALKO Sp\u00f3\u0142ka z ograniczon\u0105 odpowiedzialno\u015bci\u0105 sp.k., dont le si\u00e8ge social est situ\u00e9 \u00e0 Varsovie, ul. Solec 24\/253, 00-403 Varsovie, adresse de correspondance\u00a0: ul. Gdy\u0144ska 32\/14, 26-600 Radom, immatricul\u00e9e aupr\u00e8s du Tribunal de district de Varsovie, 12e chambre commerciale du Registre national des entreprises sous le num\u00e9ro KRS\u00a0: 0000836475, REGON\u00a0: 361379132, NIP\u00a0: 9482603545.<\/p><p><strong>Dans quel but traitons-nous vos donn\u00e9es ?\u00a0\u00a0\u00a0\u00a0\u00a0\u00a0\u00a0\u00a0\u00a0\u00a0\u00a0\u00a0\u00a0\u00a0\u00a0\u00a0<\/strong><\/p><p>Les donn\u00e9es personnelles seront trait\u00e9es afin de pr\u00e9parer les stagiaires et les apprentis \u00e0 un futur travail ind\u00e9pendant.<\/p><p>Vos donn\u00e9es personnelles sont trait\u00e9es aux fins fondamentales suivantes\u00a0:<\/p><ul><li>Article 6(1)(a) du RGPD \u2013 en ce qui concerne les donn\u00e9es \u00e0 caract\u00e8re personnel pour lesquelles il n\u2019existe aucune obligation de les traiter en vertu des dispositions l\u00e9gales ;<\/li><li>Article 6(1)(b) du RGPD aux fins de la conclusion et de la mise en \u0153uvre d\u2019une convention de stage\u00a0;<\/li><li>Article 6, paragraphe 1, lettre c du RGPD en relation avec la loi du 20 avril 2004 relative \u00e0 la promotion de l\u2019emploi et aux institutions du march\u00e9 du travail\u00a0;<\/li><li>Article 6, paragraphe 1, lettre f du RGPD, poursuivant les int\u00e9r\u00eats l\u00e9gitimes du responsable du traitement, c\u2019est-\u00e0-dire afin d\u2019\u00e9tablir, de d\u00e9fendre ou de poursuivre d\u2019\u00e9ventuelles r\u00e9clamations et de prot\u00e9ger les personnes et les biens appartenant au responsable du traitement.<\/li><\/ul><p>Les donn\u00e9es seront transf\u00e9r\u00e9es aux prestataires de services comptables, \u00e0 une soci\u00e9t\u00e9 de destruction de documents, aux assureurs, aux \u00e9tablissements m\u00e9dicaux, aux banques, aux soci\u00e9t\u00e9s informatiques fournissant les logiciels utilis\u00e9s par le responsable du traitement, aux administrations fiscales comp\u00e9tentes, \u00e0 l&#039;organisme de s\u00e9curit\u00e9 sociale (ZUS), aux organismes de prestations sociales et aux autres autorit\u00e9s publiques habilit\u00e9es par la loi. Les donn\u00e9es professionnelles (adresse \u00e9lectronique, num\u00e9ro de t\u00e9l\u00e9phone) seront transf\u00e9r\u00e9es aux clients et sous-traitants du responsable du traitement. Chaque transfert de donn\u00e9es personnelles est effectu\u00e9 conform\u00e9ment \u00e0 la l\u00e9gislation applicable.<\/p><p>Vos donn\u00e9es ne seront pas transf\u00e9r\u00e9es vers des pays tiers ni vers des organisations internationales.<\/p><p>\u00a0La communication des donn\u00e9es exig\u00e9es par la loi est n\u00e9cessaire pour mener \u00e0 bien le stage et conclure le contrat. Dans le cas contraire, cette communication est facultative.<\/p><p>Si le traitement de vos donn\u00e9es personnelles est fond\u00e9 sur votre consentement, vous avez le droit de le retirer \u00e0 tout moment. Le retrait de votre consentement n&#039;affecte pas la lic\u00e9it\u00e9 du traitement fond\u00e9 sur le consentement effectu\u00e9 avant ce retrait. Vous pouvez envoyer votre demande de retrait de consentement \u00e0 l&#039;adresse postale indiqu\u00e9e ci-dessous ou \u00e0 l&#039;adresse \u00e9lectronique suivante\u00a0:\u00a0<a href=\"http:\/\/iod@sorter.pl\/\" target=\"_blank\" rel=\"noopener\">iod@sorter.pl<\/a><\/p><p><strong>Combien de temps vos donn\u00e9es seront-elles trait\u00e9es ?<\/strong><\/p><p>Vos donn\u00e9es personnelles seront trait\u00e9es pendant toute la dur\u00e9e du contrat qui vous lie \u00e0 STALKO Sp\u00f3\u0142ka z ograniczon\u0105 odpowiedzialno\u015bci\u0105 sp.k., ainsi qu&#039;\u00e0 des fins d&#039;archivage, de d\u00e9claration fiscale et de d\u00e9fense des droits pr\u00e9vus par la r\u00e9glementation applicable, notamment la loi comptable et le Code civil. Lorsque le traitement est fond\u00e9 sur votre consentement, il sera conserv\u00e9 jusqu&#039;\u00e0 son retrait.\u00a0<\/p><p><strong>Quels sont vos droits\u00a0? Vous avez le droit de\u00a0:<\/strong><\/p><ul><li>acc\u00e9der \u00e0 vos donn\u00e9es personnelles et recevoir une copie des donn\u00e9es personnelles trait\u00e9es\u00a0;<\/li><li>rectification de vos donn\u00e9es incorrectes\u00a0;<\/li><li>demander la suppression des donn\u00e9es (le droit \u00e0 l\u2019oubli) dans les circonstances pr\u00e9vues \u00e0 l\u2019article 17 du RGPD\u00a0;<\/li><li>demander la limitation du traitement des donn\u00e9es dans les cas indiqu\u00e9s \u00e0 l\u2019article 18 du RGPD\u00a0;<\/li><li>s\u2019opposer au traitement des donn\u00e9es dans les cas indiqu\u00e9s \u00e0 l\u2019article 21 du RGPD\u00a0;<\/li><li>transfert des donn\u00e9es fournies, trait\u00e9es de mani\u00e8re automatis\u00e9e.<\/li><\/ul><p>Si vous estimez que vos donn\u00e9es personnelles sont trait\u00e9es ill\u00e9galement, vous pouvez d\u00e9poser une plainte aupr\u00e8s de l&#039;autorit\u00e9 de contr\u00f4le (Pr\u00e9sident de l&#039;Office de la protection des donn\u00e9es personnelles, ul. Stawki 2, 00-193 Varsovie).<\/p><p>Vos donn\u00e9es personnelles ne font l&#039;objet d&#039;aucune prise de d\u00e9cision automatis\u00e9e, y compris de profilage.<\/p><p><strong>Contact<\/strong><\/p><p>Si vous souhaitez obtenir des informations compl\u00e9mentaires concernant la protection des donn\u00e9es personnelles ou exercer vos droits, veuillez nous contacter\u00a0:<\/p><p>D\u00e9l\u00e9gu\u00e9 \u00e0 la protection des donn\u00e9es : Bart\u0142omiej Kida, e-mail : <a href=\"mailto:iod@sorter.pl\">iod@sorter.pl<\/a><\/p><p>\u00a0STALKO Soci\u00e9t\u00e9 \u00e0 responsabilit\u00e9 limit\u00e9e sp.k.<\/p><p>\u00a0Rue Solec 24\/253, 00-403 Varsovie,<\/p><p>Adresse succursale\/adresse postale : ul. Gdy\u0144ska 32, 26 \u2013 600 Radom<\/p><p>Cette obligation d&#039;information est disponible sur notre site web\u00a0:\u00a0<a href=\"https:\/\/www.sorter.pl\/fr\/\">www.sorter.pl<\/a><\/p>\t\t\t\t\t\t\t\t<\/div>\n\t\t\t\t<\/div>\n\t\t\t\t\t<\/div>\n\t\t<\/div>\n\t\t\t\t\t<\/div>\n\t\t<\/section>\n\t\t\t\t<section data-exad-particle-enable=\"false\" class=\"elementor-section elementor-top-section elementor-element elementor-element-68830bc elementor-section-boxed elementor-section-height-default elementor-section-height-default exad-parallax-effect-no exad-background-color-change-no exad-glass-effect-no exad-sticky-section-no\" data-id=\"68830bc\" data-element_type=\"section\" data-e-type=\"section\" data-settings=\"{&quot;ekit_has_onepagescroll_dot&quot;:&quot;yes&quot;}\">\n\t\t\t\t\t\t<div class=\"elementor-container elementor-column-gap-default\">\n\t\t\t\t\t<div class=\"elementor-column elementor-col-100 elementor-top-column elementor-element elementor-element-e82ea96 exad-glass-effect-no exad-sticky-section-no\" data-id=\"e82ea96\" data-element_type=\"column\" data-e-type=\"column\">\n\t\t\t<div class=\"elementor-widget-wrap elementor-element-populated\">\n\t\t\t\t\t\t<div class=\"elementor-element elementor-element-75ed07e exad-sticky-section-no exad-glass-effect-no elementor-widget elementor-widget-heading\" data-id=\"75ed07e\" data-element_type=\"widget\" data-e-type=\"widget\" data-settings=\"{&quot;ekit_we_effect_on&quot;:&quot;none&quot;}\" data-widget_type=\"heading.default\">\n\t\t\t\t<div class=\"elementor-widget-container\">\n\t\t\t\t\t<h2 class=\"elementor-heading-title elementor-size-default\">Obligation d&#039;information - M\u00e9dias sociaux<\/h2>\t\t\t\t<\/div>\n\t\t\t\t<\/div>\n\t\t\t\t<div class=\"elementor-element elementor-element-f07ab2d exad-sticky-section-no exad-glass-effect-no elementor-widget elementor-widget-text-editor\" data-id=\"f07ab2d\" data-element_type=\"widget\" data-e-type=\"widget\" data-settings=\"{&quot;ekit_we_effect_on&quot;:&quot;none&quot;}\" data-widget_type=\"text-editor.default\">\n\t\t\t\t<div class=\"elementor-widget-container\">\n\t\t\t\t\t\t\t\t\t<p><strong>FACEBOOK<\/strong><\/p>\n<p>Le profil Facebook de STALKO Sp\u00f3\u0142ka z ograniczon\u0105 odpowiedzialno\u015bci\u0105 sp.k. est public. Lorsque vous consultez notre profil, vous partagez avec nous des donn\u00e9es personnelles telles que votre nom d&#039;utilisateur, vos commentaires et votre adresse IP.<\/p>\n<p>Sur notre page Facebook, nous pr\u00e9sentons nos activit\u00e9s, faisons la promotion des \u00e9v\u00e9nements que nous organisons et informons \u00e9galement sur les postes vacants au sein de notre entreprise !<\/p>\n<p>Nous, en tant que STALKO Sp\u00f3\u0142ka z ograniczon\u0105 odpowiedzialno\u015bci\u0105 sp.k. dont le si\u00e8ge social est \u00e0 Varsovie, ul. Solec 24\/253, 00-403 Varsovie, est le responsable du traitement de vos donn\u00e9es personnelles.<\/p>\n<p><\/p>\n<p><strong>Dans quel but et sur quelle base traitons-nous vos donn\u00e9es\u00a0?<\/strong><\/p>\n<p>Vos donn\u00e9es personnelles, notamment votre nom, votre adresse \u00e9lectronique et les donn\u00e9es que vous avez saisies dans votre profil, sont trait\u00e9es par Sorter afin de r\u00e9pondre \u00e0 votre demande et de poursuivre la correspondance avec vous via Facebook.<\/p>\n<p>La base juridique de ce traitement de vos donn\u00e9es est l&#039;article 6(1)(f) du RGPD, qui nous permet de poursuivre notre int\u00e9r\u00eat l\u00e9gitime, qui dans ce cas est de communiquer avec vous et de promouvoir les activit\u00e9s de l&#039;entreprise, de vous informer sur les nouveaux produits et de prot\u00e9ger Sorter contre toute all\u00e9gation potentielle.<\/p>\n<p><\/p>\n<p>Vos donn\u00e9es personnelles, notamment vos nom, adresse e-mail et les donn\u00e9es que vous avez saisies dans votre profil et\/ou ce groupe, seront \u00e9galement trait\u00e9es par Sorter afin de promouvoir ses produits et services. Le fondement juridique de ce traitement est l&#039;article 6, paragraphe 1, point f), du RGPD, qui autorise la poursuite d&#039;un int\u00e9r\u00eat l\u00e9gitime, en l&#039;occurrence la commercialisation des produits ou services de Sorter.<\/p>\n<p>Vos donn\u00e9es personnelles fournies dans le cadre de l&#039;utilisation du groupe&nbsp;<em>Nom du groupe Facebook<\/em>&nbsp;ne seront pas soumis \u00e0 une prise de d\u00e9cision automatis\u00e9e, y compris au profilage.<\/p>\n<p>Sorter transf\u00e9rera vos donn\u00e9es personnelles \u00e0 d&#039;autres destinataires, \u00e0 savoir le fournisseur de services informatiques du logiciel utilis\u00e9 par l&#039;administrateur et la soci\u00e9t\u00e9 d&#039;h\u00e9bergement.<\/p>\n<p>De plus, Sorter partagera vos donn\u00e9es personnelles avec d&#039;autres destinataires si la loi l&#039;exige. Vos donn\u00e9es personnelles seront \u00e9galement partag\u00e9es avec le propri\u00e9taire de Facebook, \u00e0 savoir Facebook Ireland Limited, bas\u00e9e en Irlande. Facebook Ireland Limited peut transf\u00e9rer les donn\u00e9es personnelles stock\u00e9es sur votre profil\/groupe Facebook \u00e0 ses filiales, notamment Facebook, Inc., bas\u00e9e aux \u00c9tats-Unis (cette soci\u00e9t\u00e9 est certifi\u00e9e conforme au programme Privacy Shield, qui autorise les transferts de donn\u00e9es en dehors de l&#039;Espace \u00e9conomique europ\u00e9en).<\/p>\n<p>Vos donn\u00e9es personnelles ne seront pas transf\u00e9r\u00e9es \u00e0 des organisations internationales ni, en dehors des cas susmentionn\u00e9s, \u00e0 un pays tiers.<\/p>\n<p><\/p>\n<p><strong>Combien de temps vos donn\u00e9es seront-elles trait\u00e9es ?<\/strong><\/p>\n<p>Podanie danych jest dobrowolne.<\/p>\n<p>Twoje dane osobowe b\u0119d\u0105 przetwarzane do momentu jak b\u0119d\u0105 Ci\u0119 interesowa\u0142y tre\u015bci kt\u00f3re przedstawiamy na profilu. W ka\u017cdym momencie masz prawo do zg\u0142oszenia sprzeciwu wobec dalszego przetwarzania Twoich danych.<\/p>\n<p>Je\u017celi bierzesz udzia\u0142 w konkursach organizowanych przez Sorter za po\u015brednictwem grupy&nbsp;<em>Nom du groupe Facebook<\/em>, Sorter b\u0119dzie przetwarza\u0142 Twoje dane osobowe w zakresie imienia, nazwiska, adresu zamieszkania przez czas trwania konkursu, a w sytuacji kiedy zostaniesz wytypowana\/y do otrzymania nagrody Twoje dane osobowe b\u0119d\u0105 przetwarzane po zako\u0144czeniu konkursu w celu zabezpieczenia&nbsp; ewentualnych roszcze\u0144 wynikaj\u0105cych z prawa cywilnego oraz dla cel\u00f3w archiwizacyjnych okre\u015blonych przepisami szczeg\u00f3lnymi takimi jak ustawa o rachunkowo\u015bci.<\/p>\n<p><\/p>\n<p><strong>Jakie masz prawa?<\/strong><\/p>\n<p>Przys\u0142uguje Ci prawo do:<\/p>\n<p>\u00b7&nbsp;&nbsp;&nbsp;&nbsp;&nbsp;&nbsp;&nbsp;&nbsp;dost\u0119pu do swoich danych osobowych i otrzymania kopii danych osobowych podlegaj\u0105cych przetwarzaniu;<\/p>\n<p>\u00b7&nbsp;&nbsp;&nbsp;&nbsp;&nbsp;&nbsp;&nbsp;&nbsp;sprostowania swoich nieprawid\u0142owych danych;<\/p>\n<p>\u00b7&nbsp;&nbsp;&nbsp;&nbsp;&nbsp;&nbsp;&nbsp;&nbsp;\u017c\u0105dania usuni\u0119cia danych (prawo do bycia zapomnianym) w przypadku wyst\u0105pienia okoliczno\u015bci przewidzianych w art. 17 RODO;<\/p>\n<p>\u00b7&nbsp;&nbsp;&nbsp;&nbsp;&nbsp;&nbsp;&nbsp;&nbsp;\u017c\u0105dania ograniczenia przetwarzania danych w przypadkach wskazanych w art. 18 RODO;<\/p>\n<p>\u00b7&nbsp;&nbsp;&nbsp;&nbsp;&nbsp;&nbsp;&nbsp;&nbsp;wniesienia sprzeciwu wobec przetwarzania danych w przypadkach wskazanych w art. 21 RODO;<\/p>\n<p>\u00b7&nbsp;&nbsp;&nbsp;&nbsp;&nbsp;&nbsp;&nbsp;&nbsp;przenoszenia dostarczonych danych, przetwarzanych w spos\u00f3b zautomatyzowany.<\/p>\n<p>Je\u017celi uwa\u017casz, \u017ce Twoje dane osobowe s\u0105 przetwarzane niezgodnie z prawem, mo\u017cesz wnie\u015b\u0107 skarg\u0119 do organu nadzorczego (Prezes Urz\u0119du Ochrony Danych Osobowych, ul. Stawki 2, Warszawa).<\/p>\n<p><\/p>\n<p><strong>Contact<\/strong><\/p>\n<p>Je\u015bli potrzebujesz dodatkowych informacji zwi\u0105zanych z ochron\u0105 danych osobowych lub chcesz skorzysta\u0107 z przys\u0142uguj\u0105cych Ci praw, skontaktuj si\u0119 z nami: Inspektor Ochrony Danych &#8211; Pawe\u0142&nbsp;Strza\u0142kowski&nbsp;<a href=\"mailto:iod@sorter.pl\" target=\"_blank\" rel=\"noopener\">iod@sorter.pl<\/a><\/p>\n<p>&nbsp;STALKO Soci\u00e9t\u00e9 \u00e0 responsabilit\u00e9 limit\u00e9e sp.k.<\/p><p>&nbsp;ul. Solec 24\/253,&nbsp; 00-403 Warszawa,<\/p>\n<p>Oddzia\u0142\/ adres do korespondencji : ul. Gdy\u0144ska 32, 26 &#8211; 600 Radom<\/p>\n<p><\/p>\n<p><strong>LinkedIn<\/strong><\/p>\n<p>Profil &nbsp;STALKO Sp\u00f3\u0142ka z ograniczon\u0105 odpowiedzialno\u015bci\u0105 sp.k. w serwisie Linkedin jest profilem publicznym. Kiedy odwiedzasz nasz profil udost\u0119pniasz nam swoje dane osobowe takie jak np. nazw\u0119 konta, komentarze, adres IP. Zakres danych jest zale\u017cny od ustawie\u0144 na Twoim profilu \u2013 mo\u017ce by\u0107 on prywatny lub publiczny.<\/p>\n<p>Na naszej stronie Liknedin prezentujemy nasze dzia\u0142ania, promujemy wydarzenia kt\u00f3re organizujemy a dodatkowo informujemy o wolnych wakatach w naszej firmie!<\/p>\n<p>Jeste\u015bmy jako &nbsp;STALKO Sp\u00f3\u0142ka z ograniczon\u0105 odpowiedzialno\u015bci\u0105 sp.k., ul. Solec 24\/253,&nbsp; 00-403 Warszawa administratorem Twoich danych osobowych.<\/p>\n<p><\/p>\n<p>Celem przetwarzania przez nas danych jest efektywne prowadzenie naszego profilu oraz kontakt z Tob\u0105.<\/p>\n<p><\/p>\n<p>Sorter przetwarza Twoje dane osobowe w zakresie w jakim ujawni\u0142e\u015b je na portalu internetowym Linkedin.com.&nbsp; Podstaw\u0105 prawn\u0105 tego przetwarzania jest art. 6 ust. 1 lit. f) RODO.&nbsp;Prawnie uzasadniony interes administratora danych polega na promowaniu dzia\u0142a\u0144 firmy, informowaniu o nowo\u015bciach oraz kontakcie z u\u017cytkownikami a tak\u017ce na zabezpieczeniu&nbsp;Sorter&nbsp;przed ewentualnymi zarzutami.<\/p>\n<p><\/p>\n<p>Sorter b\u0119dzie udost\u0119pnia\u0107 Twoje dane&nbsp;osobowych innym odbiorcom, t.j. obs\u0142ug\u0119 informatyczn\u0105 oprogramowani stosowanych przez Administratora, firmie hostingowej. Ponadto Sorter&nbsp; b\u0119dzie udost\u0119pnia\u0107 Twoje dane osobowe innym odbiorcom, o ile taki obowi\u0105zek wynika\u0107 b\u0119dzie z przepis\u00f3w prawa.<\/p>\n<p>Twoje dane nie b\u0119d\u0105 przekazywane do pa\u0144stw trzecich i organizacji mi\u0119dzynarodowych.<\/p>\n<p>&nbsp;Dane nie b\u0119d\u0105 podlega\u0142y zautomatyzowanemu podejmowaniu decyzji, w tym ich profilowaniu.<\/p>\n<p><\/p>\n<p>Niniejsza klauzula informacyjna &nbsp;&nbsp;dotyczy przetwarzania tylko i wy\u0142\u0105cznie przez Sorter. a nie przez portal LinkedIn kt\u00f3ry jest administratorem serwisu.<\/p>\n<p><\/p>\n<p><strong>Combien de temps vos donn\u00e9es seront-elles trait\u00e9es ?<\/strong><\/p>\n<p>Podanie danych jest dobrowolne.<\/p>\n<p>Twoje dane osobowe b\u0119d\u0105 przetwarzane do momentu jak b\u0119d\u0105 Ci\u0119 interesowa\u0142y tre\u015bci kt\u00f3re przedstawiamy na profilu. W ka\u017cdym momencie masz prawo do zg\u0142oszenia sprzeciwu wobec dalszego przetwarzania Twoich danych.<\/p>\n<p><\/p>\n<p><strong>Jakie masz prawa?<\/strong><\/p>\n<p>Przys\u0142uguje Ci prawo do:<\/p>\n<ul>\n<li>acc\u00e9der \u00e0 vos donn\u00e9es personnelles et recevoir une copie des donn\u00e9es personnelles trait\u00e9es\u00a0;<\/li>\n<li>rectification de vos donn\u00e9es incorrectes\u00a0;<\/li>\n<li>demander la suppression des donn\u00e9es (le droit \u00e0 l\u2019oubli) dans les circonstances pr\u00e9vues \u00e0 l\u2019article 17 du RGPD\u00a0;<\/li>\n<li>demander la limitation du traitement des donn\u00e9es dans les cas indiqu\u00e9s \u00e0 l\u2019article 18 du RGPD\u00a0;<\/li>\n<li>wniesienia sprzeciwu wobec przetwarzania danych w przypadkach wskazanych w art. 21 RODO;<\/li>\n<li>transfert des donn\u00e9es fournies, trait\u00e9es de mani\u00e8re automatis\u00e9e.<\/li>\n<\/ul>\n<p>Je\u017celi uwa\u017casz, \u017ce Twoje dane osobowe s\u0105 przetwarzane niezgodnie z prawem, mo\u017cesz wnie\u015b\u0107 skarg\u0119 do organu nadzorczego (Prezes Urz\u0119du Ochrony Danych Osobowych, ul. Stawki 2, Warszawa).<\/p>\n<p><\/p>\n<p><strong>Contact<\/strong><\/p>\n<p>Je\u015bli potrzebujesz dodatkowych informacji zwi\u0105zanych z ochron\u0105 danych osobowych lub chcesz skorzysta\u0107 z przys\u0142uguj\u0105cych Ci praw, skontaktuj si\u0119 z nami: Inspektor Ochrony Danych &#8211; Pawe\u0142 Strza\u0142kowski&nbsp;<a href=\"mailto:iod@sorter.pl\" target=\"_blank\" rel=\"noopener\">iod@sorter.pl<\/a><\/p>\n<p><\/p>\n<p>&nbsp;STALKO Soci\u00e9t\u00e9 \u00e0 responsabilit\u00e9 limit\u00e9e sp.k.<\/p><p>ul. Solec 24\/253,&nbsp; 00-403 Warszawa,<\/p>\n<p>Oddzia\u0142\/ adres do korespondencji : ul. Gdy\u0144ska 32, 26 &#8211; 600 Radom<\/p>\t\t\t\t\t\t\t\t<\/div>\n\t\t\t\t<\/div>\n\t\t\t\t\t<\/div>\n\t\t<\/div>\n\t\t\t\t\t<\/div>\n\t\t<\/section>\n\t\t\t\t<\/div>","protected":false},"excerpt":{"rendered":"<p>OBOWI\u0104ZEK INFORMACYJNY Obowi\u0105zek informacyjny \u2013 Umowy z kontrahentami Szanowni Pa\u0144stwo, Zgodnie z art. 13 ust. 1 i 2 Rozporz\u0105dzenia Parlamentu Europejskiego i Rady (UE) 2016\/679 z dnia 27 kwietnia 2016 r. w sprawie ochrony os\u00f3b fizycznych w zwi\u0105zku z przetwarzaniem danych osobowych i\u00a0w sprawie swobodnego przep\u0142ywu takich danych oraz uchylenia dyrektywy 95\/46\/WE (og\u00f3lne rozporz\u0105dzenie o [&hellip;]<\/p>\n","protected":false},"author":1,"featured_media":0,"parent":0,"menu_order":0,"comment_status":"closed","ping_status":"closed","template":"","meta":{"site-sidebar-layout":"no-sidebar","site-content-layout":"page-builder","ast-site-content-layout":"full-width-container","site-content-style":"unboxed","site-sidebar-style":"unboxed","ast-global-header-display":"","ast-banner-title-visibility":"","ast-main-header-display":"","ast-hfb-above-header-display":"","ast-hfb-below-header-display":"","ast-hfb-mobile-header-display":"","site-post-title":"disabled","ast-breadcrumbs-content":"","ast-featured-img":"disabled","footer-sml-layout":"","ast-disable-related-posts":"","theme-transparent-header-meta":"","adv-header-id-meta":"","stick-header-meta":"","header-above-stick-meta":"","header-main-stick-meta":"","header-below-stick-meta":"","astra-migrate-meta-layouts":"set","ast-page-background-enabled":"default","ast-page-background-meta":{"desktop":{"background-color":"var(--ast-global-color-4)","background-image":"","background-repeat":"repeat","background-position":"center center","background-size":"auto","background-attachment":"scroll","background-type":"","background-media":"","overlay-type":"","overlay-color":"","overlay-opacity":"","overlay-gradient":""},"tablet":{"background-color":"","background-image":"","background-repeat":"repeat","background-position":"center center","background-size":"auto","background-attachment":"scroll","background-type":"","background-media":"","overlay-type":"","overlay-color":"","overlay-opacity":"","overlay-gradient":""},"mobile":{"background-color":"","background-image":"","background-repeat":"repeat","background-position":"center center","background-size":"auto","background-attachment":"scroll","background-type":"","background-media":"","overlay-type":"","overlay-color":"","overlay-opacity":"","overlay-gradient":""}},"ast-content-background-meta":{"desktop":{"background-color":"var(--ast-global-color-5)","background-image":"","background-repeat":"repeat","background-position":"center center","background-size":"auto","background-attachment":"scroll","background-type":"","background-media":"","overlay-type":"","overlay-color":"","overlay-opacity":"","overlay-gradient":""},"tablet":{"background-color":"var(--ast-global-color-5)","background-image":"","background-repeat":"repeat","background-position":"center center","background-size":"auto","background-attachment":"scroll","background-type":"","background-media":"","overlay-type":"","overlay-color":"","overlay-opacity":"","overlay-gradient":""},"mobile":{"background-color":"var(--ast-global-color-5)","background-image":"","background-repeat":"repeat","background-position":"center center","background-size":"auto","background-attachment":"scroll","background-type":"","background-media":"","overlay-type":"","overlay-color":"","overlay-opacity":"","overlay-gradient":""}},"footnotes":""},"class_list":["post-1480","page","type-page","status-publish","hentry"],"_links":{"self":[{"href":"https:\/\/www.sorter.pl\/fr\/wp-json\/wp\/v2\/pages\/1480","targetHints":{"allow":["GET"]}}],"collection":[{"href":"https:\/\/www.sorter.pl\/fr\/wp-json\/wp\/v2\/pages"}],"about":[{"href":"https:\/\/www.sorter.pl\/fr\/wp-json\/wp\/v2\/types\/page"}],"author":[{"embeddable":true,"href":"https:\/\/www.sorter.pl\/fr\/wp-json\/wp\/v2\/users\/1"}],"replies":[{"embeddable":true,"href":"https:\/\/www.sorter.pl\/fr\/wp-json\/wp\/v2\/comments?post=1480"}],"version-history":[{"count":0,"href":"https:\/\/www.sorter.pl\/fr\/wp-json\/wp\/v2\/pages\/1480\/revisions"}],"wp:attachment":[{"href":"https:\/\/www.sorter.pl\/fr\/wp-json\/wp\/v2\/media?parent=1480"}],"curies":[{"name":"wp","href":"https:\/\/api.w.org\/{rel}","templated":true}]}}